{"id":147,"date":"2024-12-30T20:57:12","date_gmt":"2024-12-30T20:57:12","guid":{"rendered":"https:\/\/comunicadores.org.py\/?page_id=147"},"modified":"2024-12-30T20:57:12","modified_gmt":"2024-12-30T20:57:12","slug":"libertad-de-expresion-y-prensa","status":"publish","type":"page","link":"https:\/\/comunicadores.org.py\/index.php\/libertad-de-expresion-y-prensa\/","title":{"rendered":"Libertad de expresi\u00f3n y prensa"},"content":{"rendered":"\n<p class=\"wp-block-paragraph\">El Paraguay se encuentra entre los pa\u00edses con restricciones a la libertad de expresi\u00f3n y prensa. En la dimensi\u00f3n denominada de \u201ccontrol de medios y periodismo\u201d, el Ejecutivo paraguayo, liderado por Santiago Pe\u00f1a, se constituye, en el 2024, como el principal riesgo de peligro, de manera negativa, en comparaci\u00f3n a c\u00f3mo son percibidos los otros poderes del Estado (Judicial, Legislativo). Esto implica un incremento en relaci\u00f3n con el periodo 2022\/2023. Esto, conforme al \u00cdndice Chapultepec, de la Sociedad Interamericana de Prensa, del a\u00f1o 2024.<\/p>\n\n\n\n<figure class=\"wp-block-image\"><img decoding=\"async\" src=\"https:\/\/static.xx.fbcdn.net\/images\/emoji.php\/v9\/t8\/1\/16\/1f4fb.png\" alt=\"\ud83d\udcfb\"\/><\/figure>\n\n\n\n<p class=\"wp-block-paragraph\">&nbsp;En dicho documento, se sostiene que el control de los medios y del periodismo est\u00e1 m\u00e1s condicionado por el Poder Ejecutivo, \u201clo cual puede reflejarse en pol\u00edticas o acciones que, directa o indirectamente, influyen en la forma en que los medios operan y en c\u00f3mo los periodistas ejercen su labor\u201d.<\/p>\n\n\n\n<p class=\"wp-block-paragraph\">ALTA AUTOCENSURA<\/p>\n\n\n\n<figure class=\"wp-block-image\"><img decoding=\"async\" src=\"https:\/\/static.xx.fbcdn.net\/images\/emoji.php\/v9\/tfd\/1\/16\/1f4c4.png\" alt=\"\ud83d\udcc4\"\/><\/figure>\n\n\n\n<p class=\"wp-block-paragraph\">&nbsp;El documento, adem\u00e1s, cita un reciente estudio del Centro Interdisciplinario de Derecho Social y Econom\u00eda (Cidsep), en el que se pone de manifiesto que el 50% de los periodistas encuestados (200) \u201cha recurrido a la autocensura, debido a la violencia recibida que, adem\u00e1s, le ha hecho disminuir su presencia en redes sociales (35%)\u201d.<\/p>\n\n\n\n<p class=\"wp-block-paragraph\">INFORMATIVO DE LA SCP. 30\/12\/24<br>Material completo en:&nbsp;<a href=\"https:\/\/lc.cx\/cCPeWI?fbclid=IwZXh0bgNhZW0CMTAAAR1saNVWMmxk_5pj32IdIHoqt7FGrzHQv_cWzliKgKOOz4Upx9OcnpbHehU_aem_H73SJqoi6Ik73CYI_K1_qA\" rel=\"noreferrer noopener\" target=\"_blank\">https:\/\/lc.cx\/cCPeWI<\/a><\/p>\n\n\n\n<p class=\"wp-block-paragraph\">Seguinos tambi\u00e9n en:<br><a href=\"https:\/\/x.com\/SociedadComuPY?fbclid=IwZXh0bgNhZW0CMTAAAR02FTDD0ICvvlWoQN5g0_E4nyNl1fIRyBEPcImZ2a-VnMYfQS1IivXIQDM_aem_b_dCxbiFcDWA1C42v2VEDQ\" rel=\"noreferrer noopener\" target=\"_blank\">https:\/\/x.com\/SociedadComuPY<\/a><\/p>\n","protected":false},"excerpt":{"rendered":"<p>El Paraguay se encuentra entre los pa\u00edses con restricciones a la libertad de expresi\u00f3n y prensa. En la dimensi\u00f3n denominada de \u201ccontrol de medios y periodismo\u201d, el Ejecutivo paraguayo, liderado por Santiago Pe\u00f1a, se constituye, en el 2024, como el principal riesgo de peligro, de manera negativa, en comparaci\u00f3n a c\u00f3mo son percibidos los otros poderes del Estado (Judicial, Legislativo). Esto implica un incremento en relaci\u00f3n con&hellip;<\/p>\n","protected":false},"author":1,"featured_media":148,"parent":0,"menu_order":0,"comment_status":"closed","ping_status":"closed","template":"","meta":{"footnotes":""},"class_list":["post-147","page","type-page","status-publish","has-post-thumbnail","hentry"],"yoast_head":"<!-- This site is optimized with the Yoast SEO plugin v28.4 - https:\/\/yoast.com\/product\/yoast-seo-wordpress\/ -->\n<title>Libertad de expresi\u00f3n y prensa - Comunicadores<\/title>\n<meta name=\"robots\" content=\"index, follow, max-snippet:-1, max-image-preview:large, max-video-preview:-1\" \/>\n<link rel=\"canonical\" href=\"https:\/\/comunicadores.org.py\/index.php\/libertad-de-expresion-y-prensa\/\" \/>\n<meta property=\"og:locale\" content=\"es_ES\" \/>\n<meta property=\"og:type\" content=\"article\" \/>\n<meta property=\"og:title\" content=\"Libertad de expresi\u00f3n y prensa - Comunicadores\" \/>\n<meta property=\"og:description\" content=\"El Paraguay se encuentra entre los pa\u00edses con restricciones a la libertad de expresi\u00f3n y prensa. En la dimensi\u00f3n denominada de \u201ccontrol de medios y periodismo\u201d, el Ejecutivo paraguayo, liderado por Santiago Pe\u00f1a, se constituye, en el 2024, como el principal riesgo de peligro, de manera negativa, en comparaci\u00f3n a c\u00f3mo son percibidos los otros poderes del Estado (Judicial, Legislativo). Esto implica un incremento en relaci\u00f3n con&hellip;\" \/>\n<meta property=\"og:url\" content=\"https:\/\/comunicadores.org.py\/index.php\/libertad-de-expresion-y-prensa\/\" \/>\n<meta property=\"og:site_name\" content=\"Comunicadores\" \/>\n<meta property=\"article:publisher\" content=\"https:\/\/www.facebook.com\/comunicadorespy\" \/>\n<meta property=\"og:image\" content=\"https:\/\/comunicadores.org.py\/wp-content\/uploads\/2024\/12\/libertad.jpg\" \/>\n\t<meta property=\"og:image:width\" content=\"1707\" \/>\n\t<meta property=\"og:image:height\" content=\"1280\" \/>\n\t<meta property=\"og:image:type\" content=\"image\/jpeg\" \/>\n<meta name=\"twitter:card\" content=\"summary_large_image\" \/>\n<meta name=\"twitter:site\" content=\"@sociedadcomupy\" \/>\n<meta name=\"twitter:label1\" content=\"Tiempo de lectura\" \/>\n\t<meta name=\"twitter:data1\" content=\"1 minuto\" \/>\n<script type=\"application\/ld+json\" class=\"yoast-schema-graph\">{\"@context\":\"https:\\\/\\\/schema.org\",\"@graph\":[{\"@type\":\"WebPage\",\"@id\":\"https:\\\/\\\/comunicadores.org.py\\\/index.php\\\/libertad-de-expresion-y-prensa\\\/\",\"url\":\"https:\\\/\\\/comunicadores.org.py\\\/index.php\\\/libertad-de-expresion-y-prensa\\\/\",\"name\":\"Libertad de expresi\u00f3n y prensa - Comunicadores\",\"isPartOf\":{\"@id\":\"https:\\\/\\\/comunicadores.org.py\\\/#website\"},\"primaryImageOfPage\":{\"@id\":\"https:\\\/\\\/comunicadores.org.py\\\/index.php\\\/libertad-de-expresion-y-prensa\\\/#primaryimage\"},\"image\":{\"@id\":\"https:\\\/\\\/comunicadores.org.py\\\/index.php\\\/libertad-de-expresion-y-prensa\\\/#primaryimage\"},\"thumbnailUrl\":\"https:\\\/\\\/comunicadores.org.py\\\/wp-content\\\/uploads\\\/2024\\\/12\\\/libertad.jpg\",\"datePublished\":\"2024-12-30T20:57:12+00:00\",\"breadcrumb\":{\"@id\":\"https:\\\/\\\/comunicadores.org.py\\\/index.php\\\/libertad-de-expresion-y-prensa\\\/#breadcrumb\"},\"inLanguage\":\"es\",\"potentialAction\":[{\"@type\":\"ReadAction\",\"target\":[\"https:\\\/\\\/comunicadores.org.py\\\/index.php\\\/libertad-de-expresion-y-prensa\\\/\"]}]},{\"@type\":\"ImageObject\",\"inLanguage\":\"es\",\"@id\":\"https:\\\/\\\/comunicadores.org.py\\\/index.php\\\/libertad-de-expresion-y-prensa\\\/#primaryimage\",\"url\":\"https:\\\/\\\/comunicadores.org.py\\\/wp-content\\\/uploads\\\/2024\\\/12\\\/libertad.jpg\",\"contentUrl\":\"https:\\\/\\\/comunicadores.org.py\\\/wp-content\\\/uploads\\\/2024\\\/12\\\/libertad.jpg\",\"width\":1707,\"height\":1280},{\"@type\":\"BreadcrumbList\",\"@id\":\"https:\\\/\\\/comunicadores.org.py\\\/index.php\\\/libertad-de-expresion-y-prensa\\\/#breadcrumb\",\"itemListElement\":[{\"@type\":\"ListItem\",\"position\":1,\"name\":\"Portada\",\"item\":\"https:\\\/\\\/comunicadores.org.py\\\/\"},{\"@type\":\"ListItem\",\"position\":2,\"name\":\"Libertad de expresi\u00f3n y prensa\"}]},{\"@type\":\"WebSite\",\"@id\":\"https:\\\/\\\/comunicadores.org.py\\\/#website\",\"url\":\"https:\\\/\\\/comunicadores.org.py\\\/\",\"name\":\"Comunicadores\",\"description\":\"\",\"publisher\":{\"@id\":\"https:\\\/\\\/comunicadores.org.py\\\/#organization\"},\"potentialAction\":[{\"@type\":\"SearchAction\",\"target\":{\"@type\":\"EntryPoint\",\"urlTemplate\":\"https:\\\/\\\/comunicadores.org.py\\\/?s={search_term_string}\"},\"query-input\":{\"@type\":\"PropertyValueSpecification\",\"valueRequired\":true,\"valueName\":\"search_term_string\"}}],\"inLanguage\":\"es\"},{\"@type\":\"Organization\",\"@id\":\"https:\\\/\\\/comunicadores.org.py\\\/#organization\",\"name\":\"Sociedad de Comunicadores del Paraguay\",\"url\":\"https:\\\/\\\/comunicadores.org.py\\\/\",\"logo\":{\"@type\":\"ImageObject\",\"inLanguage\":\"es\",\"@id\":\"https:\\\/\\\/comunicadores.org.py\\\/#\\\/schema\\\/logo\\\/image\\\/\",\"url\":\"https:\\\/\\\/comunicadores.org.py\\\/wp-content\\\/uploads\\\/2025\\\/02\\\/cropped-logocanva.png\",\"contentUrl\":\"https:\\\/\\\/comunicadores.org.py\\\/wp-content\\\/uploads\\\/2025\\\/02\\\/cropped-logocanva.png\",\"width\":289,\"height\":85,\"caption\":\"Sociedad de Comunicadores del Paraguay\"},\"image\":{\"@id\":\"https:\\\/\\\/comunicadores.org.py\\\/#\\\/schema\\\/logo\\\/image\\\/\"},\"sameAs\":[\"https:\\\/\\\/www.facebook.com\\\/comunicadorespy\",\"https:\\\/\\\/x.com\\\/sociedadcomupy\",\"https:\\\/\\\/www.instagram.com\\\/sociedad_comunicadoresdelpy\\\/\"]}]}<\/script>\n<!-- \/ Yoast SEO plugin. -->","yoast_head_json":{"title":"Libertad de expresi\u00f3n y prensa - Comunicadores","robots":{"index":"index","follow":"follow","max-snippet":"max-snippet:-1","max-image-preview":"max-image-preview:large","max-video-preview":"max-video-preview:-1"},"canonical":"https:\/\/comunicadores.org.py\/index.php\/libertad-de-expresion-y-prensa\/","og_locale":"es_ES","og_type":"article","og_title":"Libertad de expresi\u00f3n y prensa - Comunicadores","og_description":"El Paraguay se encuentra entre los pa\u00edses con restricciones a la libertad de expresi\u00f3n y prensa. En la dimensi\u00f3n denominada de \u201ccontrol de medios y periodismo\u201d, el Ejecutivo paraguayo, liderado por Santiago Pe\u00f1a, se constituye, en el 2024, como el principal riesgo de peligro, de manera negativa, en comparaci\u00f3n a c\u00f3mo son percibidos los otros poderes del Estado (Judicial, Legislativo). Esto implica un incremento en relaci\u00f3n con&hellip;","og_url":"https:\/\/comunicadores.org.py\/index.php\/libertad-de-expresion-y-prensa\/","og_site_name":"Comunicadores","article_publisher":"https:\/\/www.facebook.com\/comunicadorespy","og_image":[{"width":1707,"height":1280,"url":"https:\/\/comunicadores.org.py\/wp-content\/uploads\/2024\/12\/libertad.jpg","type":"image\/jpeg"}],"twitter_card":"summary_large_image","twitter_site":"@sociedadcomupy","twitter_misc":{"Tiempo de lectura":"1 minuto"},"schema":{"@context":"https:\/\/schema.org","@graph":[{"@type":"WebPage","@id":"https:\/\/comunicadores.org.py\/index.php\/libertad-de-expresion-y-prensa\/","url":"https:\/\/comunicadores.org.py\/index.php\/libertad-de-expresion-y-prensa\/","name":"Libertad de expresi\u00f3n y prensa - Comunicadores","isPartOf":{"@id":"https:\/\/comunicadores.org.py\/#website"},"primaryImageOfPage":{"@id":"https:\/\/comunicadores.org.py\/index.php\/libertad-de-expresion-y-prensa\/#primaryimage"},"image":{"@id":"https:\/\/comunicadores.org.py\/index.php\/libertad-de-expresion-y-prensa\/#primaryimage"},"thumbnailUrl":"https:\/\/comunicadores.org.py\/wp-content\/uploads\/2024\/12\/libertad.jpg","datePublished":"2024-12-30T20:57:12+00:00","breadcrumb":{"@id":"https:\/\/comunicadores.org.py\/index.php\/libertad-de-expresion-y-prensa\/#breadcrumb"},"inLanguage":"es","potentialAction":[{"@type":"ReadAction","target":["https:\/\/comunicadores.org.py\/index.php\/libertad-de-expresion-y-prensa\/"]}]},{"@type":"ImageObject","inLanguage":"es","@id":"https:\/\/comunicadores.org.py\/index.php\/libertad-de-expresion-y-prensa\/#primaryimage","url":"https:\/\/comunicadores.org.py\/wp-content\/uploads\/2024\/12\/libertad.jpg","contentUrl":"https:\/\/comunicadores.org.py\/wp-content\/uploads\/2024\/12\/libertad.jpg","width":1707,"height":1280},{"@type":"BreadcrumbList","@id":"https:\/\/comunicadores.org.py\/index.php\/libertad-de-expresion-y-prensa\/#breadcrumb","itemListElement":[{"@type":"ListItem","position":1,"name":"Portada","item":"https:\/\/comunicadores.org.py\/"},{"@type":"ListItem","position":2,"name":"Libertad de expresi\u00f3n y prensa"}]},{"@type":"WebSite","@id":"https:\/\/comunicadores.org.py\/#website","url":"https:\/\/comunicadores.org.py\/","name":"Comunicadores","description":"","publisher":{"@id":"https:\/\/comunicadores.org.py\/#organization"},"potentialAction":[{"@type":"SearchAction","target":{"@type":"EntryPoint","urlTemplate":"https:\/\/comunicadores.org.py\/?s={search_term_string}"},"query-input":{"@type":"PropertyValueSpecification","valueRequired":true,"valueName":"search_term_string"}}],"inLanguage":"es"},{"@type":"Organization","@id":"https:\/\/comunicadores.org.py\/#organization","name":"Sociedad de Comunicadores del Paraguay","url":"https:\/\/comunicadores.org.py\/","logo":{"@type":"ImageObject","inLanguage":"es","@id":"https:\/\/comunicadores.org.py\/#\/schema\/logo\/image\/","url":"https:\/\/comunicadores.org.py\/wp-content\/uploads\/2025\/02\/cropped-logocanva.png","contentUrl":"https:\/\/comunicadores.org.py\/wp-content\/uploads\/2025\/02\/cropped-logocanva.png","width":289,"height":85,"caption":"Sociedad de Comunicadores del Paraguay"},"image":{"@id":"https:\/\/comunicadores.org.py\/#\/schema\/logo\/image\/"},"sameAs":["https:\/\/www.facebook.com\/comunicadorespy","https:\/\/x.com\/sociedadcomupy","https:\/\/www.instagram.com\/sociedad_comunicadoresdelpy\/"]}]}},"_links":{"self":[{"href":"https:\/\/comunicadores.org.py\/index.php\/wp-json\/wp\/v2\/pages\/147","targetHints":{"allow":["GET"]}}],"collection":[{"href":"https:\/\/comunicadores.org.py\/index.php\/wp-json\/wp\/v2\/pages"}],"about":[{"href":"https:\/\/comunicadores.org.py\/index.php\/wp-json\/wp\/v2\/types\/page"}],"author":[{"embeddable":true,"href":"https:\/\/comunicadores.org.py\/index.php\/wp-json\/wp\/v2\/users\/1"}],"replies":[{"embeddable":true,"href":"https:\/\/comunicadores.org.py\/index.php\/wp-json\/wp\/v2\/comments?post=147"}],"version-history":[{"count":1,"href":"https:\/\/comunicadores.org.py\/index.php\/wp-json\/wp\/v2\/pages\/147\/revisions"}],"predecessor-version":[{"id":149,"href":"https:\/\/comunicadores.org.py\/index.php\/wp-json\/wp\/v2\/pages\/147\/revisions\/149"}],"wp:featuredmedia":[{"embeddable":true,"href":"https:\/\/comunicadores.org.py\/index.php\/wp-json\/wp\/v2\/media\/148"}],"wp:attachment":[{"href":"https:\/\/comunicadores.org.py\/index.php\/wp-json\/wp\/v2\/media?parent=147"}],"curies":[{"name":"wp","href":"https:\/\/api.w.org\/{rel}","templated":true}]}}